{"id":6157,"date":"2025-08-18T12:43:02","date_gmt":"2025-08-18T10:43:02","guid":{"rendered":"https:\/\/fotowien.at\/?post_type=ausstellung&#038;p=6157"},"modified":"2025-09-04T14:35:17","modified_gmt":"2025-09-04T12:35:17","slug":"nichts-zu-sehen-foto-wien-2025","status":"publish","type":"ausstellung","link":"https:\/\/fotowien.at\/en\/ausstellung\/nichts-zu-sehen-foto-wien-2025\/","title":{"rendered":"Nothing to See?"},"content":{"rendered":"","protected":false},"featured_media":5900,"template":"","ausstellungsart":[27],"accessibility":[21],"artist":[599,598],"partner":[523],"class_list":["post-6157","ausstellung","type-ausstellung","status-publish","has-post-thumbnail","hentry","ausstellungsart-ausstellung","accessibility-nicht","artist-blaschitz-edith","artist-boehm-karin","partner-alles-ist-eytel-atelier-fuer-photographie-foto-wien-2025"],"acf":[],"yoast_head":"<!-- This site is optimized with the Yoast SEO plugin v27.4 - https:\/\/yoast.com\/product\/yoast-seo-wordpress\/ -->\n<title>Nothing to See? &#8212; Foto Wien<\/title>\n<meta name=\"description\" content=\"Ein Flugplatz mit Restaurant, querende Stra\u00dfen, W\u00e4lder, Wiesen und \u00c4cker sind heute dort zu finden, wo sich vor \u00fcber 80 Jahren das gr\u00f6\u00dfte Kriegsgefangenlager auf dem Gebiet des heutigen \u00d6sterreich erstreckte: das Stalag XVII B Krems-Gneixendorf.\" \/>\n<meta name=\"robots\" content=\"index, follow, max-snippet:-1, max-image-preview:large, max-video-preview:-1\" \/>\n<link rel=\"canonical\" href=\"https:\/\/fotowien.at\/en\/ausstellung\/nichts-zu-sehen-foto-wien-2025\/\" \/>\n<meta property=\"og:locale\" content=\"en_US\" \/>\n<meta property=\"og:type\" content=\"article\" \/>\n<meta property=\"og:title\" content=\"Nothing to See? &#8212; Foto Wien\" \/>\n<meta property=\"og:description\" content=\"Ein Flugplatz mit Restaurant, querende Stra\u00dfen, W\u00e4lder, Wiesen und \u00c4cker sind heute dort zu finden, wo sich vor \u00fcber 80 Jahren das gr\u00f6\u00dfte Kriegsgefangenlager auf dem Gebiet des heutigen \u00d6sterreich erstreckte: das Stalag XVII B Krems-Gneixendorf.\" \/>\n<meta property=\"og:url\" content=\"https:\/\/fotowien.at\/en\/ausstellung\/nichts-zu-sehen-foto-wien-2025\/\" \/>\n<meta property=\"og:site_name\" content=\"Foto Wien\" \/>\n<meta property=\"article:publisher\" content=\"https:\/\/www.facebook.com\/FOTOWIEN.Festival\" \/>\n<meta property=\"article:modified_time\" content=\"2025-09-04T12:35:17+00:00\" \/>\n<meta property=\"og:image\" content=\"https:\/\/fotowien.at\/wp-content\/uploads\/1-48\u00b0-26\u2018-43.296\u2018\u2018-N-15\u00b0-37\u2018-51.132\u2018\u2018-E-Erinnerung-an-Edward-Handy-Pinnwand-Flugplatz-Gneixendorf-939a8808-c443-45cf-9c23-e8b76599e049.jpg\" \/>\n\t<meta property=\"og:image:width\" content=\"1772\" \/>\n\t<meta property=\"og:image:height\" content=\"1181\" \/>\n\t<meta property=\"og:image:type\" content=\"image\/jpeg\" \/>\n<meta name=\"twitter:card\" content=\"summary_large_image\" \/>\n<meta name=\"twitter:site\" content=\"@fotoarsenalwien\" \/>\n<meta name=\"twitter:label1\" content=\"Est. reading time\" \/>\n\t<meta name=\"twitter:data1\" content=\"1 minute\" \/>\n<script type=\"application\/ld+json\" class=\"yoast-schema-graph\">{\"@context\":\"https:\\\/\\\/schema.org\",\"@graph\":[{\"@type\":\"WebPage\",\"@id\":\"https:\\\/\\\/fotowien.at\\\/en\\\/ausstellung\\\/nichts-zu-sehen-foto-wien-2025\\\/\",\"url\":\"https:\\\/\\\/fotowien.at\\\/en\\\/ausstellung\\\/nichts-zu-sehen-foto-wien-2025\\\/\",\"name\":\"Nothing to See? &#8212; Foto Wien\",\"isPartOf\":{\"@id\":\"https:\\\/\\\/fotowien.at\\\/en\\\/#website\"},\"primaryImageOfPage\":{\"@id\":\"https:\\\/\\\/fotowien.at\\\/en\\\/ausstellung\\\/nichts-zu-sehen-foto-wien-2025\\\/#primaryimage\"},\"image\":{\"@id\":\"https:\\\/\\\/fotowien.at\\\/ausstellung\\\/nichts-zu-sehen-foto-wien-2025\\\/#primaryimage\"},\"thumbnailUrl\":\"https:\\\/\\\/fotowien.at\\\/wp-content\\\/uploads\\\/1-48\u00b0-26\u2018-43.296\u2018\u2018-N-15\u00b0-37\u2018-51.132\u2018\u2018-E-Erinnerung-an-Edward-Handy-Pinnwand-Flugplatz-Gneixendorf-939a8808-c443-45cf-9c23-e8b76599e049.jpg\",\"datePublished\":\"2025-08-18T10:43:02+00:00\",\"dateModified\":\"2025-09-04T12:35:17+00:00\",\"description\":\"Ein Flugplatz mit Restaurant, querende Stra\u00dfen, W\u00e4lder, Wiesen und \u00c4cker sind heute dort zu finden, wo sich vor \u00fcber 80 Jahren das gr\u00f6\u00dfte Kriegsgefangenlager auf dem Gebiet des heutigen \u00d6sterreich erstreckte: das Stalag XVII B Krems-Gneixendorf.\",\"breadcrumb\":{\"@id\":\"https:\\\/\\\/fotowien.at\\\/en\\\/ausstellung\\\/nichts-zu-sehen-foto-wien-2025\\\/#breadcrumb\"},\"inLanguage\":\"en-US\",\"potentialAction\":[{\"@type\":\"ReadAction\",\"target\":[[\"https:\\\/\\\/fotowien.at\\\/en\\\/ausstellung\\\/nichts-zu-sehen-foto-wien-2025\\\/\"]]}]},{\"@type\":\"ImageObject\",\"inLanguage\":\"en-US\",\"@id\":\"https:\\\/\\\/fotowien.at\\\/en\\\/ausstellung\\\/nichts-zu-sehen-foto-wien-2025\\\/#primaryimage\",\"url\":\"https:\\\/\\\/fotowien.at\\\/wp-content\\\/uploads\\\/1-48\u00b0-26\u2018-43.296\u2018\u2018-N-15\u00b0-37\u2018-51.132\u2018\u2018-E-Erinnerung-an-Edward-Handy-Pinnwand-Flugplatz-Gneixendorf-939a8808-c443-45cf-9c23-e8b76599e049.jpg\",\"contentUrl\":\"https:\\\/\\\/fotowien.at\\\/wp-content\\\/uploads\\\/1-48\u00b0-26\u2018-43.296\u2018\u2018-N-15\u00b0-37\u2018-51.132\u2018\u2018-E-Erinnerung-an-Edward-Handy-Pinnwand-Flugplatz-Gneixendorf-939a8808-c443-45cf-9c23-e8b76599e049.jpg\",\"width\":1772,\"height\":1181,\"caption\":\"Karin B\u00f6hm, 48\u00b0 26\u2018 43.296\u2018\u2018 N 15\u00b0 37\u2018 51.132\u2018\u2018 E, Erinnerung an Edward Handy, Pinnwand Flugplatz Gneixendorf, 2022. \u00a9 Karin B\u00f6hm\"},{\"@type\":\"BreadcrumbList\",\"@id\":\"https:\\\/\\\/fotowien.at\\\/en\\\/ausstellung\\\/nichts-zu-sehen-foto-wien-2025\\\/#breadcrumb\",\"itemListElement\":[{\"@type\":\"ListItem\",\"position\":1,\"name\":\"Startseite\",\"item\":\"https:\\\/\\\/fotowien.at\\\/en\\\/\"},{\"@type\":\"ListItem\",\"position\":2,\"name\":\"Ausstellungen\",\"item\":\"https:\\\/\\\/fotowien.at\\\/en\\\/ausstellung\\\/\"},{\"@type\":\"ListItem\",\"position\":3,\"name\":\"Nichts zu sehen?\"}]},{\"@type\":\"WebSite\",\"@id\":\"https:\\\/\\\/fotowien.at\\\/en\\\/#website\",\"url\":\"https:\\\/\\\/fotowien.at\\\/en\\\/\",\"name\":\"Foto Wien\",\"description\":\"\",\"publisher\":{\"@id\":\"https:\\\/\\\/fotowien.at\\\/en\\\/#organization\"},\"potentialAction\":[{\"@type\":\"SearchAction\",\"target\":{\"@type\":\"EntryPoint\",\"urlTemplate\":\"https:\\\/\\\/fotowien.at\\\/en\\\/?s={search_term_string}\"},\"query-input\":{\"@type\":\"PropertyValueSpecification\",\"valueRequired\":true,\"valueName\":\"search_term_string\"}}],\"inLanguage\":\"en-US\"},{\"@type\":\"Organization\",\"@id\":\"https:\\\/\\\/fotowien.at\\\/en\\\/#organization\",\"name\":\"Foto Wien\",\"alternateName\":\"Foto Wien\",\"url\":\"https:\\\/\\\/fotowien.at\\\/en\\\/\",\"logo\":{\"@type\":\"ImageObject\",\"inLanguage\":\"en-US\",\"@id\":\"https:\\\/\\\/fotowien.at\\\/en\\\/#\\\/schema\\\/logo\\\/image\\\/\",\"url\":\"https:\\\/\\\/fotowien.at\\\/wp-content\\\/uploads\\\/FOTO_WIEN_2023_LOGO_Farbe_RGB_Lang.png\",\"contentUrl\":\"https:\\\/\\\/fotowien.at\\\/wp-content\\\/uploads\\\/FOTO_WIEN_2023_LOGO_Farbe_RGB_Lang.png\",\"width\":2000,\"height\":506,\"caption\":\"Foto Wien\"},\"image\":{\"@id\":\"https:\\\/\\\/fotowien.at\\\/en\\\/#\\\/schema\\\/logo\\\/image\\\/\"},\"sameAs\":[\"https:\\\/\\\/www.facebook.com\\\/FOTOWIEN.Festival\",\"https:\\\/\\\/x.com\\\/fotoarsenalwien\",\"https:\\\/\\\/instagram.com\\\/foto_wien\",\"http:\\\/\\\/www.tiktok.com\\\/@fotoarsenalwien\"]}]}<\/script>\n<!-- \/ Yoast SEO plugin. -->","yoast_head_json":{"title":"Nothing to See? &#8212; Foto Wien","description":"Ein Flugplatz mit Restaurant, querende Stra\u00dfen, W\u00e4lder, Wiesen und \u00c4cker sind heute dort zu finden, wo sich vor \u00fcber 80 Jahren das gr\u00f6\u00dfte Kriegsgefangenlager auf dem Gebiet des heutigen \u00d6sterreich erstreckte: das Stalag XVII B Krems-Gneixendorf.","robots":{"index":"index","follow":"follow","max-snippet":"max-snippet:-1","max-image-preview":"max-image-preview:large","max-video-preview":"max-video-preview:-1"},"canonical":"https:\/\/fotowien.at\/en\/ausstellung\/nichts-zu-sehen-foto-wien-2025\/","og_locale":"en_US","og_type":"article","og_title":"Nothing to See? &#8212; Foto Wien","og_description":"Ein Flugplatz mit Restaurant, querende Stra\u00dfen, W\u00e4lder, Wiesen und \u00c4cker sind heute dort zu finden, wo sich vor \u00fcber 80 Jahren das gr\u00f6\u00dfte Kriegsgefangenlager auf dem Gebiet des heutigen \u00d6sterreich erstreckte: das Stalag XVII B Krems-Gneixendorf.","og_url":"https:\/\/fotowien.at\/en\/ausstellung\/nichts-zu-sehen-foto-wien-2025\/","og_site_name":"Foto Wien","article_publisher":"https:\/\/www.facebook.com\/FOTOWIEN.Festival","article_modified_time":"2025-09-04T12:35:17+00:00","og_image":[{"width":1772,"height":1181,"url":"https:\/\/fotowien.at\/wp-content\/uploads\/1-48\u00b0-26\u2018-43.296\u2018\u2018-N-15\u00b0-37\u2018-51.132\u2018\u2018-E-Erinnerung-an-Edward-Handy-Pinnwand-Flugplatz-Gneixendorf-939a8808-c443-45cf-9c23-e8b76599e049.jpg","type":"image\/jpeg"}],"twitter_card":"summary_large_image","twitter_site":"@fotoarsenalwien","twitter_misc":{"Est. reading time":"1 minute"},"schema":{"@context":"https:\/\/schema.org","@graph":[{"@type":"WebPage","@id":"https:\/\/fotowien.at\/en\/ausstellung\/nichts-zu-sehen-foto-wien-2025\/","url":"https:\/\/fotowien.at\/en\/ausstellung\/nichts-zu-sehen-foto-wien-2025\/","name":"Nothing to See? &#8212; Foto Wien","isPartOf":{"@id":"https:\/\/fotowien.at\/en\/#website"},"primaryImageOfPage":{"@id":"https:\/\/fotowien.at\/en\/ausstellung\/nichts-zu-sehen-foto-wien-2025\/#primaryimage"},"image":{"@id":"https:\/\/fotowien.at\/ausstellung\/nichts-zu-sehen-foto-wien-2025\/#primaryimage"},"thumbnailUrl":"https:\/\/fotowien.at\/wp-content\/uploads\/1-48\u00b0-26\u2018-43.296\u2018\u2018-N-15\u00b0-37\u2018-51.132\u2018\u2018-E-Erinnerung-an-Edward-Handy-Pinnwand-Flugplatz-Gneixendorf-939a8808-c443-45cf-9c23-e8b76599e049.jpg","datePublished":"2025-08-18T10:43:02+00:00","dateModified":"2025-09-04T12:35:17+00:00","description":"Ein Flugplatz mit Restaurant, querende Stra\u00dfen, W\u00e4lder, Wiesen und \u00c4cker sind heute dort zu finden, wo sich vor \u00fcber 80 Jahren das gr\u00f6\u00dfte Kriegsgefangenlager auf dem Gebiet des heutigen \u00d6sterreich erstreckte: das Stalag XVII B Krems-Gneixendorf.","breadcrumb":{"@id":"https:\/\/fotowien.at\/en\/ausstellung\/nichts-zu-sehen-foto-wien-2025\/#breadcrumb"},"inLanguage":"en-US","potentialAction":[{"@type":"ReadAction","target":[["https:\/\/fotowien.at\/en\/ausstellung\/nichts-zu-sehen-foto-wien-2025\/"]]}]},{"@type":"ImageObject","inLanguage":"en-US","@id":"https:\/\/fotowien.at\/en\/ausstellung\/nichts-zu-sehen-foto-wien-2025\/#primaryimage","url":"https:\/\/fotowien.at\/wp-content\/uploads\/1-48\u00b0-26\u2018-43.296\u2018\u2018-N-15\u00b0-37\u2018-51.132\u2018\u2018-E-Erinnerung-an-Edward-Handy-Pinnwand-Flugplatz-Gneixendorf-939a8808-c443-45cf-9c23-e8b76599e049.jpg","contentUrl":"https:\/\/fotowien.at\/wp-content\/uploads\/1-48\u00b0-26\u2018-43.296\u2018\u2018-N-15\u00b0-37\u2018-51.132\u2018\u2018-E-Erinnerung-an-Edward-Handy-Pinnwand-Flugplatz-Gneixendorf-939a8808-c443-45cf-9c23-e8b76599e049.jpg","width":1772,"height":1181,"caption":"Karin B\u00f6hm, 48\u00b0 26\u2018 43.296\u2018\u2018 N 15\u00b0 37\u2018 51.132\u2018\u2018 E, Erinnerung an Edward Handy, Pinnwand Flugplatz Gneixendorf, 2022. \u00a9 Karin B\u00f6hm"},{"@type":"BreadcrumbList","@id":"https:\/\/fotowien.at\/en\/ausstellung\/nichts-zu-sehen-foto-wien-2025\/#breadcrumb","itemListElement":[{"@type":"ListItem","position":1,"name":"Startseite","item":"https:\/\/fotowien.at\/en\/"},{"@type":"ListItem","position":2,"name":"Ausstellungen","item":"https:\/\/fotowien.at\/en\/ausstellung\/"},{"@type":"ListItem","position":3,"name":"Nichts zu sehen?"}]},{"@type":"WebSite","@id":"https:\/\/fotowien.at\/en\/#website","url":"https:\/\/fotowien.at\/en\/","name":"Foto Wien","description":"","publisher":{"@id":"https:\/\/fotowien.at\/en\/#organization"},"potentialAction":[{"@type":"SearchAction","target":{"@type":"EntryPoint","urlTemplate":"https:\/\/fotowien.at\/en\/?s={search_term_string}"},"query-input":{"@type":"PropertyValueSpecification","valueRequired":true,"valueName":"search_term_string"}}],"inLanguage":"en-US"},{"@type":"Organization","@id":"https:\/\/fotowien.at\/en\/#organization","name":"Foto Wien","alternateName":"Foto Wien","url":"https:\/\/fotowien.at\/en\/","logo":{"@type":"ImageObject","inLanguage":"en-US","@id":"https:\/\/fotowien.at\/en\/#\/schema\/logo\/image\/","url":"https:\/\/fotowien.at\/wp-content\/uploads\/FOTO_WIEN_2023_LOGO_Farbe_RGB_Lang.png","contentUrl":"https:\/\/fotowien.at\/wp-content\/uploads\/FOTO_WIEN_2023_LOGO_Farbe_RGB_Lang.png","width":2000,"height":506,"caption":"Foto Wien"},"image":{"@id":"https:\/\/fotowien.at\/en\/#\/schema\/logo\/image\/"},"sameAs":["https:\/\/www.facebook.com\/FOTOWIEN.Festival","https:\/\/x.com\/fotoarsenalwien","https:\/\/instagram.com\/foto_wien","http:\/\/www.tiktok.com\/@fotoarsenalwien"]}]}},"_links":{"self":[{"href":"https:\/\/fotowien.at\/en\/wp-json\/wp\/v2\/ausstellung\/6157","targetHints":{"allow":["GET"]}}],"collection":[{"href":"https:\/\/fotowien.at\/en\/wp-json\/wp\/v2\/ausstellung"}],"about":[{"href":"https:\/\/fotowien.at\/en\/wp-json\/wp\/v2\/types\/ausstellung"}],"version-history":[{"count":3,"href":"https:\/\/fotowien.at\/en\/wp-json\/wp\/v2\/ausstellung\/6157\/revisions"}],"predecessor-version":[{"id":7738,"href":"https:\/\/fotowien.at\/en\/wp-json\/wp\/v2\/ausstellung\/6157\/revisions\/7738"}],"wp:featuredmedia":[{"embeddable":true,"href":"https:\/\/fotowien.at\/en\/wp-json\/wp\/v2\/media\/5900"}],"wp:attachment":[{"href":"https:\/\/fotowien.at\/en\/wp-json\/wp\/v2\/media?parent=6157"}],"wp:term":[{"taxonomy":"ausstellungsart","embeddable":true,"href":"https:\/\/fotowien.at\/en\/wp-json\/wp\/v2\/ausstellungsart?post=6157"},{"taxonomy":"accessibility","embeddable":true,"href":"https:\/\/fotowien.at\/en\/wp-json\/wp\/v2\/accessibility?post=6157"},{"taxonomy":"artist","embeddable":true,"href":"https:\/\/fotowien.at\/en\/wp-json\/wp\/v2\/artist?post=6157"},{"taxonomy":"partner","embeddable":true,"href":"https:\/\/fotowien.at\/en\/wp-json\/wp\/v2\/partner?post=6157"}],"curies":[{"name":"wp","href":"https:\/\/api.w.org\/{rel}","templated":true}]}}