{"id":6326,"date":"2025-08-20T10:54:39","date_gmt":"2025-08-20T08:54:39","guid":{"rendered":"https:\/\/fotowien.at\/?post_type=ausstellung&#038;p=6326"},"modified":"2025-10-22T15:30:31","modified_gmt":"2025-10-22T13:30:31","slug":"architektur-und-medizin-foto-wien-2025","status":"publish","type":"ausstellung","link":"https:\/\/fotowien.at\/en\/ausstellung\/architektur-und-medizin-foto-wien-2025\/","title":{"rendered":"Architecture and Medicine \u2013 A photographic perspective on Alsergrund"},"content":{"rendered":"","protected":false},"featured_media":6329,"template":"","ausstellungsart":[27],"accessibility":[23],"artist":[238,697,909],"partner":[164],"class_list":["post-6326","ausstellung","type-ausstellung","status-publish","has-post-thumbnail","hentry","ausstellungsart-ausstellung","accessibility-barrierefrei","artist-olah-stefan","artist-riedler-reiner","artist-spiluttini-margherita","partner-josephinum-medizinhistorisches-museum-wien-foto-wien-2025"],"acf":[],"yoast_head":"<!-- This site is optimized with the Yoast SEO plugin v27.4 - https:\/\/yoast.com\/product\/yoast-seo-wordpress\/ -->\n<title>Architecture and Medicine \u2013 A photographic perspective on Alsergrund &#8212; Foto Wien<\/title>\n<meta name=\"description\" content=\"Anl\u00e4sslich des 240-j\u00e4hrigen Bestehens des Josephinums zeigt die Fotoausstellung die Entwicklung des von Joseph II. gegr\u00fcndeten weitl\u00e4ufigen Wiener medizinischen Bezirks, zu dem auch das Josephinum und das Allgemeine Krankenhaus (AKH) geh\u00f6ren.\" \/>\n<meta name=\"robots\" content=\"index, follow, max-snippet:-1, max-image-preview:large, max-video-preview:-1\" \/>\n<link rel=\"canonical\" href=\"https:\/\/fotowien.at\/en\/ausstellung\/architektur-und-medizin-foto-wien-2025\/\" \/>\n<meta property=\"og:locale\" content=\"en_US\" \/>\n<meta property=\"og:type\" content=\"article\" \/>\n<meta property=\"og:title\" content=\"Architecture and Medicine \u2013 A photographic perspective on Alsergrund &#8212; Foto Wien\" \/>\n<meta property=\"og:description\" content=\"Anl\u00e4sslich des 240-j\u00e4hrigen Bestehens des Josephinums zeigt die Fotoausstellung die Entwicklung des von Joseph II. gegr\u00fcndeten weitl\u00e4ufigen Wiener medizinischen Bezirks, zu dem auch das Josephinum und das Allgemeine Krankenhaus (AKH) geh\u00f6ren.\" \/>\n<meta property=\"og:url\" content=\"https:\/\/fotowien.at\/en\/ausstellung\/architektur-und-medizin-foto-wien-2025\/\" \/>\n<meta property=\"og:site_name\" content=\"Foto Wien\" \/>\n<meta property=\"article:publisher\" content=\"https:\/\/www.facebook.com\/FOTOWIEN.Festival\" \/>\n<meta property=\"article:modified_time\" content=\"2025-10-22T13:30:31+00:00\" \/>\n<meta property=\"og:image\" content=\"https:\/\/fotowien.at\/wp-content\/uploads\/10-Gebaeudetechnik-AKH-Wien-7b2e90aa-a15c-4cb4-825d-914880dddfd4.jpg\" \/>\n\t<meta property=\"og:image:width\" content=\"780\" \/>\n\t<meta property=\"og:image:height\" content=\"978\" \/>\n\t<meta property=\"og:image:type\" content=\"image\/jpeg\" \/>\n<meta name=\"twitter:card\" content=\"summary_large_image\" \/>\n<meta name=\"twitter:site\" content=\"@fotoarsenalwien\" \/>\n<meta name=\"twitter:label1\" content=\"Est. reading time\" \/>\n\t<meta name=\"twitter:data1\" content=\"1 minute\" \/>\n<script type=\"application\/ld+json\" class=\"yoast-schema-graph\">{\"@context\":\"https:\\\/\\\/schema.org\",\"@graph\":[{\"@type\":\"WebPage\",\"@id\":\"https:\\\/\\\/fotowien.at\\\/en\\\/ausstellung\\\/architektur-und-medizin-foto-wien-2025\\\/\",\"url\":\"https:\\\/\\\/fotowien.at\\\/en\\\/ausstellung\\\/architektur-und-medizin-foto-wien-2025\\\/\",\"name\":\"Architecture and Medicine \u2013 A photographic perspective on Alsergrund &#8212; Foto Wien\",\"isPartOf\":{\"@id\":\"https:\\\/\\\/fotowien.at\\\/en\\\/#website\"},\"primaryImageOfPage\":{\"@id\":\"https:\\\/\\\/fotowien.at\\\/en\\\/ausstellung\\\/architektur-und-medizin-foto-wien-2025\\\/#primaryimage\"},\"image\":{\"@id\":\"https:\\\/\\\/fotowien.at\\\/ausstellung\\\/architektur-und-medizin-foto-wien-2025\\\/#primaryimage\"},\"thumbnailUrl\":\"https:\\\/\\\/fotowien.at\\\/wp-content\\\/uploads\\\/10-Gebaeudetechnik-AKH-Wien-7b2e90aa-a15c-4cb4-825d-914880dddfd4.jpg\",\"datePublished\":\"2025-08-20T08:54:39+00:00\",\"dateModified\":\"2025-10-22T13:30:31+00:00\",\"description\":\"Anl\u00e4sslich des 240-j\u00e4hrigen Bestehens des Josephinums zeigt die Fotoausstellung die Entwicklung des von Joseph II. gegr\u00fcndeten weitl\u00e4ufigen Wiener medizinischen Bezirks, zu dem auch das Josephinum und das Allgemeine Krankenhaus (AKH) geh\u00f6ren.\",\"breadcrumb\":{\"@id\":\"https:\\\/\\\/fotowien.at\\\/en\\\/ausstellung\\\/architektur-und-medizin-foto-wien-2025\\\/#breadcrumb\"},\"inLanguage\":\"en-US\",\"potentialAction\":[{\"@type\":\"ReadAction\",\"target\":[[\"https:\\\/\\\/fotowien.at\\\/en\\\/ausstellung\\\/architektur-und-medizin-foto-wien-2025\\\/\"]]}]},{\"@type\":\"ImageObject\",\"inLanguage\":\"en-US\",\"@id\":\"https:\\\/\\\/fotowien.at\\\/en\\\/ausstellung\\\/architektur-und-medizin-foto-wien-2025\\\/#primaryimage\",\"url\":\"https:\\\/\\\/fotowien.at\\\/wp-content\\\/uploads\\\/10-Gebaeudetechnik-AKH-Wien-7b2e90aa-a15c-4cb4-825d-914880dddfd4.jpg\",\"contentUrl\":\"https:\\\/\\\/fotowien.at\\\/wp-content\\\/uploads\\\/10-Gebaeudetechnik-AKH-Wien-7b2e90aa-a15c-4cb4-825d-914880dddfd4.jpg\",\"width\":780,\"height\":978,\"caption\":\"Stefan Ol\u00e1h, Geb\u00e4udetechnik AKH Wien, 2024. \u00a9 Stefan Ol\u00e1h\"},{\"@type\":\"BreadcrumbList\",\"@id\":\"https:\\\/\\\/fotowien.at\\\/en\\\/ausstellung\\\/architektur-und-medizin-foto-wien-2025\\\/#breadcrumb\",\"itemListElement\":[{\"@type\":\"ListItem\",\"position\":1,\"name\":\"Startseite\",\"item\":\"https:\\\/\\\/fotowien.at\\\/en\\\/\"},{\"@type\":\"ListItem\",\"position\":2,\"name\":\"Ausstellungen\",\"item\":\"https:\\\/\\\/fotowien.at\\\/en\\\/ausstellung\\\/\"},{\"@type\":\"ListItem\",\"position\":3,\"name\":\"Architektur und Medizin \u2013 Ein fotografischer Blick auf den Alsergrund\"}]},{\"@type\":\"WebSite\",\"@id\":\"https:\\\/\\\/fotowien.at\\\/en\\\/#website\",\"url\":\"https:\\\/\\\/fotowien.at\\\/en\\\/\",\"name\":\"Foto Wien\",\"description\":\"\",\"publisher\":{\"@id\":\"https:\\\/\\\/fotowien.at\\\/en\\\/#organization\"},\"potentialAction\":[{\"@type\":\"SearchAction\",\"target\":{\"@type\":\"EntryPoint\",\"urlTemplate\":\"https:\\\/\\\/fotowien.at\\\/en\\\/?s={search_term_string}\"},\"query-input\":{\"@type\":\"PropertyValueSpecification\",\"valueRequired\":true,\"valueName\":\"search_term_string\"}}],\"inLanguage\":\"en-US\"},{\"@type\":\"Organization\",\"@id\":\"https:\\\/\\\/fotowien.at\\\/en\\\/#organization\",\"name\":\"Foto Wien\",\"alternateName\":\"Foto Wien\",\"url\":\"https:\\\/\\\/fotowien.at\\\/en\\\/\",\"logo\":{\"@type\":\"ImageObject\",\"inLanguage\":\"en-US\",\"@id\":\"https:\\\/\\\/fotowien.at\\\/en\\\/#\\\/schema\\\/logo\\\/image\\\/\",\"url\":\"https:\\\/\\\/fotowien.at\\\/wp-content\\\/uploads\\\/FOTO_WIEN_2023_LOGO_Farbe_RGB_Lang.png\",\"contentUrl\":\"https:\\\/\\\/fotowien.at\\\/wp-content\\\/uploads\\\/FOTO_WIEN_2023_LOGO_Farbe_RGB_Lang.png\",\"width\":2000,\"height\":506,\"caption\":\"Foto Wien\"},\"image\":{\"@id\":\"https:\\\/\\\/fotowien.at\\\/en\\\/#\\\/schema\\\/logo\\\/image\\\/\"},\"sameAs\":[\"https:\\\/\\\/www.facebook.com\\\/FOTOWIEN.Festival\",\"https:\\\/\\\/x.com\\\/fotoarsenalwien\",\"https:\\\/\\\/instagram.com\\\/foto_wien\",\"http:\\\/\\\/www.tiktok.com\\\/@fotoarsenalwien\"]}]}<\/script>\n<!-- \/ Yoast SEO plugin. -->","yoast_head_json":{"title":"Architecture and Medicine \u2013 A photographic perspective on Alsergrund &#8212; Foto Wien","description":"Anl\u00e4sslich des 240-j\u00e4hrigen Bestehens des Josephinums zeigt die Fotoausstellung die Entwicklung des von Joseph II. gegr\u00fcndeten weitl\u00e4ufigen Wiener medizinischen Bezirks, zu dem auch das Josephinum und das Allgemeine Krankenhaus (AKH) geh\u00f6ren.","robots":{"index":"index","follow":"follow","max-snippet":"max-snippet:-1","max-image-preview":"max-image-preview:large","max-video-preview":"max-video-preview:-1"},"canonical":"https:\/\/fotowien.at\/en\/ausstellung\/architektur-und-medizin-foto-wien-2025\/","og_locale":"en_US","og_type":"article","og_title":"Architecture and Medicine \u2013 A photographic perspective on Alsergrund &#8212; Foto Wien","og_description":"Anl\u00e4sslich des 240-j\u00e4hrigen Bestehens des Josephinums zeigt die Fotoausstellung die Entwicklung des von Joseph II. gegr\u00fcndeten weitl\u00e4ufigen Wiener medizinischen Bezirks, zu dem auch das Josephinum und das Allgemeine Krankenhaus (AKH) geh\u00f6ren.","og_url":"https:\/\/fotowien.at\/en\/ausstellung\/architektur-und-medizin-foto-wien-2025\/","og_site_name":"Foto Wien","article_publisher":"https:\/\/www.facebook.com\/FOTOWIEN.Festival","article_modified_time":"2025-10-22T13:30:31+00:00","og_image":[{"width":780,"height":978,"url":"https:\/\/fotowien.at\/wp-content\/uploads\/10-Gebaeudetechnik-AKH-Wien-7b2e90aa-a15c-4cb4-825d-914880dddfd4.jpg","type":"image\/jpeg"}],"twitter_card":"summary_large_image","twitter_site":"@fotoarsenalwien","twitter_misc":{"Est. reading time":"1 minute"},"schema":{"@context":"https:\/\/schema.org","@graph":[{"@type":"WebPage","@id":"https:\/\/fotowien.at\/en\/ausstellung\/architektur-und-medizin-foto-wien-2025\/","url":"https:\/\/fotowien.at\/en\/ausstellung\/architektur-und-medizin-foto-wien-2025\/","name":"Architecture and Medicine \u2013 A photographic perspective on Alsergrund &#8212; Foto Wien","isPartOf":{"@id":"https:\/\/fotowien.at\/en\/#website"},"primaryImageOfPage":{"@id":"https:\/\/fotowien.at\/en\/ausstellung\/architektur-und-medizin-foto-wien-2025\/#primaryimage"},"image":{"@id":"https:\/\/fotowien.at\/ausstellung\/architektur-und-medizin-foto-wien-2025\/#primaryimage"},"thumbnailUrl":"https:\/\/fotowien.at\/wp-content\/uploads\/10-Gebaeudetechnik-AKH-Wien-7b2e90aa-a15c-4cb4-825d-914880dddfd4.jpg","datePublished":"2025-08-20T08:54:39+00:00","dateModified":"2025-10-22T13:30:31+00:00","description":"Anl\u00e4sslich des 240-j\u00e4hrigen Bestehens des Josephinums zeigt die Fotoausstellung die Entwicklung des von Joseph II. gegr\u00fcndeten weitl\u00e4ufigen Wiener medizinischen Bezirks, zu dem auch das Josephinum und das Allgemeine Krankenhaus (AKH) geh\u00f6ren.","breadcrumb":{"@id":"https:\/\/fotowien.at\/en\/ausstellung\/architektur-und-medizin-foto-wien-2025\/#breadcrumb"},"inLanguage":"en-US","potentialAction":[{"@type":"ReadAction","target":[["https:\/\/fotowien.at\/en\/ausstellung\/architektur-und-medizin-foto-wien-2025\/"]]}]},{"@type":"ImageObject","inLanguage":"en-US","@id":"https:\/\/fotowien.at\/en\/ausstellung\/architektur-und-medizin-foto-wien-2025\/#primaryimage","url":"https:\/\/fotowien.at\/wp-content\/uploads\/10-Gebaeudetechnik-AKH-Wien-7b2e90aa-a15c-4cb4-825d-914880dddfd4.jpg","contentUrl":"https:\/\/fotowien.at\/wp-content\/uploads\/10-Gebaeudetechnik-AKH-Wien-7b2e90aa-a15c-4cb4-825d-914880dddfd4.jpg","width":780,"height":978,"caption":"Stefan Ol\u00e1h, Geb\u00e4udetechnik AKH Wien, 2024. \u00a9 Stefan Ol\u00e1h"},{"@type":"BreadcrumbList","@id":"https:\/\/fotowien.at\/en\/ausstellung\/architektur-und-medizin-foto-wien-2025\/#breadcrumb","itemListElement":[{"@type":"ListItem","position":1,"name":"Startseite","item":"https:\/\/fotowien.at\/en\/"},{"@type":"ListItem","position":2,"name":"Ausstellungen","item":"https:\/\/fotowien.at\/en\/ausstellung\/"},{"@type":"ListItem","position":3,"name":"Architektur und Medizin \u2013 Ein fotografischer Blick auf den Alsergrund"}]},{"@type":"WebSite","@id":"https:\/\/fotowien.at\/en\/#website","url":"https:\/\/fotowien.at\/en\/","name":"Foto Wien","description":"","publisher":{"@id":"https:\/\/fotowien.at\/en\/#organization"},"potentialAction":[{"@type":"SearchAction","target":{"@type":"EntryPoint","urlTemplate":"https:\/\/fotowien.at\/en\/?s={search_term_string}"},"query-input":{"@type":"PropertyValueSpecification","valueRequired":true,"valueName":"search_term_string"}}],"inLanguage":"en-US"},{"@type":"Organization","@id":"https:\/\/fotowien.at\/en\/#organization","name":"Foto Wien","alternateName":"Foto Wien","url":"https:\/\/fotowien.at\/en\/","logo":{"@type":"ImageObject","inLanguage":"en-US","@id":"https:\/\/fotowien.at\/en\/#\/schema\/logo\/image\/","url":"https:\/\/fotowien.at\/wp-content\/uploads\/FOTO_WIEN_2023_LOGO_Farbe_RGB_Lang.png","contentUrl":"https:\/\/fotowien.at\/wp-content\/uploads\/FOTO_WIEN_2023_LOGO_Farbe_RGB_Lang.png","width":2000,"height":506,"caption":"Foto Wien"},"image":{"@id":"https:\/\/fotowien.at\/en\/#\/schema\/logo\/image\/"},"sameAs":["https:\/\/www.facebook.com\/FOTOWIEN.Festival","https:\/\/x.com\/fotoarsenalwien","https:\/\/instagram.com\/foto_wien","http:\/\/www.tiktok.com\/@fotoarsenalwien"]}]}},"_links":{"self":[{"href":"https:\/\/fotowien.at\/en\/wp-json\/wp\/v2\/ausstellung\/6326","targetHints":{"allow":["GET"]}}],"collection":[{"href":"https:\/\/fotowien.at\/en\/wp-json\/wp\/v2\/ausstellung"}],"about":[{"href":"https:\/\/fotowien.at\/en\/wp-json\/wp\/v2\/types\/ausstellung"}],"version-history":[{"count":11,"href":"https:\/\/fotowien.at\/en\/wp-json\/wp\/v2\/ausstellung\/6326\/revisions"}],"predecessor-version":[{"id":8427,"href":"https:\/\/fotowien.at\/en\/wp-json\/wp\/v2\/ausstellung\/6326\/revisions\/8427"}],"wp:featuredmedia":[{"embeddable":true,"href":"https:\/\/fotowien.at\/en\/wp-json\/wp\/v2\/media\/6329"}],"wp:attachment":[{"href":"https:\/\/fotowien.at\/en\/wp-json\/wp\/v2\/media?parent=6326"}],"wp:term":[{"taxonomy":"ausstellungsart","embeddable":true,"href":"https:\/\/fotowien.at\/en\/wp-json\/wp\/v2\/ausstellungsart?post=6326"},{"taxonomy":"accessibility","embeddable":true,"href":"https:\/\/fotowien.at\/en\/wp-json\/wp\/v2\/accessibility?post=6326"},{"taxonomy":"artist","embeddable":true,"href":"https:\/\/fotowien.at\/en\/wp-json\/wp\/v2\/artist?post=6326"},{"taxonomy":"partner","embeddable":true,"href":"https:\/\/fotowien.at\/en\/wp-json\/wp\/v2\/partner?post=6326"}],"curies":[{"name":"wp","href":"https:\/\/api.w.org\/{rel}","templated":true}]}}